{"id":11713,"date":"2021-03-10T14:50:21","date_gmt":"2021-03-10T19:50:21","guid":{"rendered":"https:\/\/www.uea.edu.ec\/?page_id=11713"},"modified":"2021-04-26T13:44:17","modified_gmt":"2021-04-26T18:44:17","slug":"i-convencion-cientifica-internacional-uea-2021","status":"publish","type":"page","link":"https:\/\/www.uea.edu.ec\/web\/v1\/?page_id=11713","title":{"rendered":""},"content":{"rendered":"<section class=\"wpb-content-wrapper\">[vc_row][vc_column][vc_single_image image=&#8221;12023&#8243; img_size=&#8221;full&#8221;][\/vc_column][\/vc_row][vc_row][vc_column][vc_column_text]<p>&nbsp;<\/p>\n<p style=\"text-align: center;\"><span style=\"font-size: 12pt;\"><strong>II Convenci\u00f3n Cient\u00edfica Internacional UEA-2021<\/strong><\/span><\/p>\n<p style=\"text-align: center;\"><strong>I Congreso de Plurinacionalidad, Saberes Ancestrales y Gesti\u00f3n del Conocimiento\u00a0<\/strong><\/p>\n<p style=\"text-align: center;\"><!-- \/wp:paragraph --><\/p>\n<p style=\"text-align: center;\"><!-- wp:paragraph --><\/p>\n<p style=\"text-align: center;\"><strong>\u00a0<\/strong><strong>I Congreso de Turismo Urbano, Patrimonio y Desarrollo Territorial \u00a0<\/strong><\/p>\n<p style=\"text-align: center;\"><!-- \/wp:paragraph --><\/p>\n<p style=\"text-align: center;\"><!-- wp:paragraph --><\/p>\n<p style=\"text-align: center;\"><strong>I Congreso de Gesti\u00f3n Ambiental y Conservaci\u00f3n de la Biodiversidad<\/strong><strong>\u00a0<\/strong><\/p>\n<p style=\"text-align: justify;\"><!-- \/wp:paragraph --><\/p>\n<p style=\"text-align: justify;\"><!-- wp:paragraph --><\/p>\n<p style=\"text-align: justify;\">La\u00a0<strong>II Convenci\u00f3n Cient\u00edfica Internacional\u00a0UEA-2021\u00a0<\/strong>tendr\u00e1 lugar en la Universidad\u00a0Estatal Amaz\u00f3nica, en la ciudad del Puyo,\u00a0provincia de Pastaza, Rep\u00fablica del Ecuador\u00a0del 31 de mayo al 04 de junio de 2021 y se\u00a0desarrollar\u00e1 de forma virtual mediante la\u00a0plataforma ZOOM.<\/p>\n<p style=\"text-align: justify;\"><!-- \/wp:paragraph --><\/p>\n<p style=\"text-align: justify;\"><!-- wp:paragraph --><\/p>\n<p style=\"text-align: justify;\">Como parte del programa cient\u00edfico\u00a0se desarrollar\u00e1 el\u00a0<strong>I Congreso de\u00a0Plurinacionalidad, Saberes Ancestrales y\u00a0Gesti\u00f3n del Conocimiento, el I Congreso\u00a0de Turismo urbano, Patrimonio y\u00a0Desarrollo territorial, y el I Congreso de\u00a0Gesti\u00f3n Ambiental y Conservaci\u00f3n de la\u00a0Biodiversidad\u00a0<\/strong>todos orientados a fortalecer\u00a0las actividades cient\u00edficas y culturales para el desarrollo sustentable de los pueblos\u00a0y nacionalidades, mediante un enfoque\u00a0hol\u00edstico, como paradigma para redefinir la investigaci\u00f3n, la educaci\u00f3n y la vinculaci\u00f3n en\u00a0la Regi\u00f3n Amaz\u00f3nica Ecuatoriana.<\/p>\n<p style=\"text-align: justify;\"><!-- \/wp:paragraph --><\/p>\n<p style=\"text-align: justify;\"><!-- wp:paragraph --><\/p>\n<p style=\"text-align: justify;\">Este evento se presenta como alternativa\u00a0para profesionales, estudiantes, empresarios\u00a0y ciudadanos de la regi\u00f3n para compartir un\u00a0universo en la construcci\u00f3n de comunidades\u00a0m\u00e1s justas en lo social, econ\u00f3mico y ecol\u00f3gico,\u00a0para aportar al desarrollo de una naci\u00f3n\u00a0soberana y sustentable.<\/p>\n<p style=\"text-align: justify;\"><!-- \/wp:paragraph --><\/p>\n<p style=\"text-align: justify;\"><!-- wp:paragraph --><\/p>\n<p style=\"text-align: justify;\">As\u00ed mismo, se busca que la Universidad\u00a0Estatal Amaz\u00f3nica se apropie del proceso de\u00a0desarrollo participativo de las comunidades\u00a0locales en la Regi\u00f3n Amaz\u00f3nica, como eje\u00a0que agrupe a profesionales, estudiantes,\u00a0emprendedores, productores rurales,\u00a0comunidades locales organizadas, colectivos\u00a0de estudiantes y grupos de investigaci\u00f3n\u00a0que se encuentren inmersos en actividades\u00a0socioecon\u00f3micas con \u00e9nfasis en la\u00a0conservaci\u00f3n de distintos ecosistemas.<\/p>\n<p style=\"text-align: justify;\"><!-- \/wp:paragraph --><\/p>\n<p style=\"text-align: justify;\"><!-- wp:paragraph --><\/p>\n<p style=\"text-align: justify;\"><strong>Perfil de los Participantes:<\/strong><\/p>\n<p style=\"text-align: justify;\"><!-- \/wp:paragraph --><\/p>\n<p style=\"text-align: justify;\"><!-- wp:paragraph --><\/p>\n<p style=\"text-align: justify;\">El evento est\u00e1 dirigido a profesionales, estudiantes y personas involucradas en las \u00e1reas tur\u00edsticas, human\u00edsticas y ambientales.<\/p>\n<p style=\"text-align: justify;\"><!-- \/wp:paragraph --><\/p>\n<p style=\"text-align: justify;\"><!-- wp:paragraph --><\/p>\n<p style=\"text-align: justify;\">Adem\u00e1s, profesionales que desde otras ciencias se relacionen con el desarrollo sostenible; organizaciones campesinas e ind\u00edgenas, unidades de asistencia, instituciones acad\u00e9micas, centros de investigaci\u00f3n, ministerios del ambiente, de turismo y diferentes organismos gubernamentales y no gubernamentales.<\/p>\n<p style=\"text-align: justify;\"><!-- \/wp:paragraph --><\/p>\n<p style=\"text-align: justify;\"><!-- wp:paragraph --><\/p>\n<p style=\"text-align: justify;\"><strong>Fechas importantes:<\/strong><\/p>\n<p style=\"text-align: justify;\"><!-- \/wp:paragraph --><\/p>\n<p style=\"text-align: justify;\"><!-- wp:paragraph --><\/p>\n<p style=\"text-align: justify;\"><strong><em>AMPLIACI\u00d3N DE ENV\u00cdO DE PONENCIAS HASTA EL 15 DE ABRIL DE 2021.\u00a0<\/em><\/strong><\/p>\n<p style=\"text-align: justify;\"><!-- \/wp:paragraph --><\/p>\n<p style=\"text-align: justify;\"><!-- wp:paragraph --><\/p>\n<ul>\n<li style=\"text-align: justify;\">Fecha l\u00edmite para la notificaci\u00f3n de trabajos aceptados: 15 de abril de 2021.\u00a0<!-- wp:paragraph --><!-- \/wp:paragraph --><\/li>\n<li>Fecha l\u00edmite para el env\u00edo de los trabajos en extenso: 30 de abril de 2021.<\/li>\n<li>Fecha de env\u00edo de los trabajos en extenso para su correcci\u00f3n: 10 de mayo de 2021.<\/li>\n<li>Fecha l\u00edmite para el env\u00edo de trabajos en extenso corregidos: 20 mayo de 2021.\u00a0<!-- wp:paragraph --><!-- \/wp:paragraph -->\n<p><!-- wp:paragraph --><!-- \/wp:paragraph --><\/p>\n<\/li>\n<\/ul>\n<p style=\"text-align: justify;\">Detalles de la convocatoria y ficha para la presentaci\u00f3n de res\u00famenes disponible en:<\/p>\n<p><strong><span style=\"color: #993300;\"><a style=\"color: #993300;\" href=\"https:\/\/bit.ly\/3xfu6o1\" target=\"_blank\" rel=\"noopener noreferrer\">INSCR\u00cdBETE AQU\u00cd<\/a><\/span><\/strong><\/p>\n<p style=\"text-align: justify;\"><strong>Primera Circular<\/strong>:<span style=\"color: #008000;\"><a style=\"color: #008000;\" href=\"https:\/\/www.uea.edu.ec\/wp-content\/uploads\/FOLLETO_CONVENCION_CIENTIFICA_UEA_2021..pdf\" target=\"_blank\" rel=\"noopener noreferrer\"><span style=\"font-size: 8pt;\"><strong> Descargar<\/strong> <\/span><\/a><\/span><\/p>\n<p><strong>Segunda Circular<\/strong>: <strong><span style=\"color: #008000;\"><a style=\"color: #008000;\" href=\"https:\/\/www.uea.edu.ec\/wp-content\/uploads\/SEGUNDA_CIRCULAR_UEA.pdf\" target=\"_blank\" rel=\"noopener noreferrer\">Descargar<\/a><\/span><\/strong><\/p>\n<p style=\"text-align: justify;\"><strong>Ficha de inscripci\u00f3n de res\u00famenes:\u00a0 <span style=\"color: #008000; font-size: 8pt;\"><a style=\"color: #008000;\" href=\"https:\/\/www.uea.edu.ec\/wp-content\/uploads\/FICHA_INSCRIPCION.doc\" target=\"_blank\" rel=\"noopener noreferrer\">Descargar<\/a><\/span><br \/><\/strong><\/p>\n<p style=\"text-align: justify;\">Los autores deber\u00e1n enviar un resumen de 250 palabras como m\u00e1ximo al correo electr\u00f3nico: <strong>convencion2021@uea.edu.ec<\/strong><\/p>[\/vc_column_text][\/vc_column][\/vc_row]<\/section>","protected":false},"excerpt":{"rendered":"<p>[vc_row][vc_column][vc_single_image image=&#8221;12023&#8243; img_size=&#8221;full&#8221;][\/vc_column][\/vc_row][vc_row][vc_column][vc_column_text] &nbsp; II Convenci\u00f3n Cient\u00edfica Internacional UEA-2021 I Congreso de Plurinacionalidad, Saberes Ancestrales y Gesti\u00f3n del Conocimiento\u00a0 \u00a0I Congreso de Turismo Urbano, Patrimonio y Desarrollo Territorial \u00a0 I Congreso de Gesti\u00f3n Ambiental y Conservaci\u00f3n de la Biodiversidad\u00a0 La\u00a0II Convenci\u00f3n Cient\u00edfica Internacional\u00a0UEA-2021\u00a0tendr\u00e1 lugar en la Universidad\u00a0Estatal Amaz\u00f3nica, en la ciudad del Puyo,\u00a0provincia de Pastaza, &#8230; <a title=\"\" class=\"read-more\" href=\"https:\/\/www.uea.edu.ec\/web\/v1\/?page_id=11713\" aria-label=\"M\u00e1s en \">Leer m\u00e1s<\/a><\/p>\n","protected":false},"author":8,"featured_media":0,"parent":0,"menu_order":0,"comment_status":"closed","ping_status":"closed","template":"","meta":{"om_disable_all_campaigns":false,"_monsterinsights_skip_tracking":false,"_monsterinsights_sitenote_active":false,"_monsterinsights_sitenote_note":"","_monsterinsights_sitenote_category":0,"generate_page_header":"","footnotes":""},"class_list":["post-11713","page","type-page","status-publish"],"aioseo_notices":[],"_links":{"self":[{"href":"https:\/\/www.uea.edu.ec\/web\/v1\/index.php?rest_route=\/wp\/v2\/pages\/11713"}],"collection":[{"href":"https:\/\/www.uea.edu.ec\/web\/v1\/index.php?rest_route=\/wp\/v2\/pages"}],"about":[{"href":"https:\/\/www.uea.edu.ec\/web\/v1\/index.php?rest_route=\/wp\/v2\/types\/page"}],"author":[{"embeddable":true,"href":"https:\/\/www.uea.edu.ec\/web\/v1\/index.php?rest_route=\/wp\/v2\/users\/8"}],"replies":[{"embeddable":true,"href":"https:\/\/www.uea.edu.ec\/web\/v1\/index.php?rest_route=%2Fwp%2Fv2%2Fcomments&post=11713"}],"version-history":[{"count":23,"href":"https:\/\/www.uea.edu.ec\/web\/v1\/index.php?rest_route=\/wp\/v2\/pages\/11713\/revisions"}],"predecessor-version":[{"id":12025,"href":"https:\/\/www.uea.edu.ec\/web\/v1\/index.php?rest_route=\/wp\/v2\/pages\/11713\/revisions\/12025"}],"wp:attachment":[{"href":"https:\/\/www.uea.edu.ec\/web\/v1\/index.php?rest_route=%2Fwp%2Fv2%2Fmedia&parent=11713"}],"curies":[{"name":"wp","href":"https:\/\/api.w.org\/{rel}","templated":true}]}}